{"id":2670,"date":"2021-02-14T13:18:50","date_gmt":"2021-02-14T13:18:50","guid":{"rendered":"https:\/\/casaratiu.ro\/?page_id=2670"},"modified":"2022-01-06T10:45:44","modified_gmt":"2022-01-06T10:45:44","slug":"bios","status":"publish","type":"page","link":"http:\/\/casaratiu.ro\/ro\/bios\/","title":{"rendered":"Biografii"},"content":{"rendered":"<div data-elementor-type=\"wp-page\" data-elementor-id=\"2670\" class=\"elementor elementor-2670\">\n\t\t\t\t\t\t<section class=\"elementor-section elementor-top-section elementor-element elementor-element-97caecc elementor-section-boxed elementor-section-height-default elementor-section-height-default\" data-id=\"97caecc\" data-element_type=\"section\" data-e-type=\"section\">\n\t\t\t\t\t\t<div class=\"elementor-container elementor-column-gap-default\">\n\t\t\t\t\t<div class=\"elementor-column elementor-col-100 elementor-top-column elementor-element elementor-element-c55aab3\" data-id=\"c55aab3\" data-element_type=\"column\" data-e-type=\"column\">\n\t\t\t<div class=\"elementor-widget-wrap elementor-element-populated\">\n\t\t\t\t\t\t<div class=\"elementor-element elementor-element-341d1c5 elementor-widget elementor-widget-spacer\" data-id=\"341d1c5\" data-element_type=\"widget\" data-e-type=\"widget\" data-widget_type=\"spacer.default\">\n\t\t\t\t<div class=\"elementor-widget-container\">\n\t\t\t\t\t\t\t<div class=\"elementor-spacer\">\n\t\t\t<div class=\"elementor-spacer-inner\"><\/div>\n\t\t<\/div>\n\t\t\t\t\t\t<\/div>\n\t\t\t\t<\/div>\n\t\t\t\t\t<\/div>\n\t\t<\/div>\n\t\t\t\t\t<\/div>\n\t\t<\/section>\n\t\t\t\t<section class=\"elementor-section elementor-top-section elementor-element elementor-element-43fc0eb4 elementor-section-content-middle envato-kit-141-top-0 elementor-section-boxed elementor-section-height-default elementor-section-height-default\" data-id=\"43fc0eb4\" data-element_type=\"section\" data-e-type=\"section\" data-settings=\"{&quot;background_background&quot;:&quot;classic&quot;}\">\n\t\t\t\t\t\t\t<div class=\"elementor-background-overlay\"><\/div>\n\t\t\t\t\t\t\t<div class=\"elementor-container elementor-column-gap-wide\">\n\t\t\t\t\t<div class=\"elementor-column elementor-col-100 elementor-top-column elementor-element elementor-element-864b84e\" data-id=\"864b84e\" data-element_type=\"column\" data-e-type=\"column\">\n\t\t\t<div class=\"elementor-widget-wrap elementor-element-populated\">\n\t\t\t\t\t\t<div class=\"elementor-element elementor-element-6adc7f97 elementor-invisible elementor-widget elementor-widget-heading\" data-id=\"6adc7f97\" data-element_type=\"widget\" data-e-type=\"widget\" data-settings=\"{&quot;_animation&quot;:&quot;fadeIn&quot;,&quot;_animation_delay&quot;:50}\" data-widget_type=\"heading.default\">\n\t\t\t\t<div class=\"elementor-widget-container\">\n\t\t\t\t\t<h2 class=\"elementor-heading-title elementor-size-default translation-block\">Camerele poart\u0103 numele membrilor familiei Ra\u021biu. Aici le pute\u021bi citi biografiile.<\/h2>\t\t\t\t<\/div>\n\t\t\t\t<\/div>\n\t\t\t\t<div class=\"elementor-element elementor-element-8441aa2 elementor-widget elementor-widget-spacer\" data-id=\"8441aa2\" data-element_type=\"widget\" data-e-type=\"widget\" data-widget_type=\"spacer.default\">\n\t\t\t\t<div class=\"elementor-widget-container\">\n\t\t\t\t\t\t\t<div class=\"elementor-spacer\">\n\t\t\t<div class=\"elementor-spacer-inner\"><\/div>\n\t\t<\/div>\n\t\t\t\t\t\t<\/div>\n\t\t\t\t<\/div>\n\t\t\t\t<div class=\"elementor-element elementor-element-663fe31e elementor-invisible elementor-widget elementor-widget-heading\" data-id=\"663fe31e\" data-element_type=\"widget\" data-e-type=\"widget\" data-settings=\"{&quot;_animation&quot;:&quot;fadeIn&quot;,&quot;_animation_delay&quot;:100}\" data-widget_type=\"heading.default\">\n\t\t\t\t<div class=\"elementor-widget-container\">\n\t\t\t\t\t<h2 class=\"elementor-heading-title elementor-size-default\">MEMBRI AI FAMILIEI<\/h2>\t\t\t\t<\/div>\n\t\t\t\t<\/div>\n\t\t\t\t<div class=\"elementor-element elementor-element-644c426e elementor-widget-divider--view-line elementor-invisible elementor-widget elementor-widget-divider\" data-id=\"644c426e\" data-element_type=\"widget\" data-e-type=\"widget\" data-settings=\"{&quot;_animation&quot;:&quot;fadeIn&quot;,&quot;_animation_delay&quot;:300}\" data-widget_type=\"divider.default\">\n\t\t\t\t<div class=\"elementor-widget-container\">\n\t\t\t\t\t\t\t<div class=\"elementor-divider\">\n\t\t\t<span class=\"elementor-divider-separator\">\n\t\t\t\t\t\t<\/span>\n\t\t<\/div>\n\t\t\t\t\t\t<\/div>\n\t\t\t\t<\/div>\n\t\t\t\t<section class=\"elementor-section elementor-inner-section elementor-element elementor-element-58d1c77b elementor-section-boxed elementor-section-height-default elementor-section-height-default\" data-id=\"58d1c77b\" data-element_type=\"section\" data-e-type=\"section\">\n\t\t\t\t\t\t<div class=\"elementor-container elementor-column-gap-no\">\n\t\t\t\t\t<div class=\"elementor-column elementor-col-100 elementor-inner-column elementor-element elementor-element-3b6abc63\" data-id=\"3b6abc63\" data-element_type=\"column\" data-e-type=\"column\">\n\t\t\t<div class=\"elementor-widget-wrap elementor-element-populated\">\n\t\t\t\t\t\t<div class=\"elementor-element elementor-element-528ae8f elementor-widget elementor-widget-text-editor\" data-id=\"528ae8f\" data-element_type=\"widget\" data-e-type=\"widget\" data-widget_type=\"text-editor.default\">\n\t\t\t\t<div class=\"elementor-widget-container\">\n\t\t\t\t\t\t\t\t\t<p class=\"translation-block\"><b>Ion Codru-Dr\u0103gu\u0219anu <\/b>Str\u0103bunicul matern al lui Ion Ra\u021biu, Ion Codru-Dr\u0103gu\u0219anu (1818-1884) a fost un scriitor rom\u00e2n, memorialist, c\u0103l\u0103tor, vicec\u0103pitan al Comitatului F\u0103g\u0103ra\u0219 \u0219i participant la Revolu\u021bia de la 1848. Prima sa lucrare tip\u0103rit\u0103 a fost <i>Cuv\u00e2nt scolastic<\/i>, ap\u0103rut\u0103 \u00een ziarul <i>Universul<\/i> (1848). A mai colaborat cu <i>Foaie pentru minte, inim\u0103 \u0219i literatur\u0103, Concordia, Albina, Telegraful rom\u00e2n, Federa\u021biunea, Gazeta Transilvaniei, Familia, Transilvania<\/i>. \u0218i-a consolidat reputa\u021bia literar\u0103 prin Peregrinul transilvan (1865), unul dintre cele mai interesante jurnale de c\u0103l\u0103torie ale epocii postpa\u0219optiste.<\/p><p class=\"translation-block\"><b>Maria Bj\u00f6rnson <\/b>N\u0103scut\u0103 la Paris, Maria Elena Bj\u00f6rnson (1949-2002) a fost designer de teatru, fiica omul de afaceri norvegian Bj\u00f8rn Bj\u00f6rnson \u0219i a Miei Prodan, fiica directorului Teatrului Na\u021bional Rom\u00e2n \u0219i refugiat\u0103 \u00een timpul regimului comunist. \u00cen copil\u0103rie, Maria a fost protejata lui Elisabeth \u0219i Ion Ra\u021biu, cresc\u00e2nd la Londra. A studiat la Lyc\u00e9e Fran\u00e7ais, apoi la Byam Shaw School of Art \u0219i la Central School of Art and Design. Maria a lucrat pentru Royal Shakespeare Company \u0219i, printre altele, a creat scenografia pentru <i>Fantoma de la oper\u0103 <\/i>a lui Andrew Lloyd Webber, pentru care a c\u00e2\u0219tigat premii pentru scenogafie \u0219i costume.<\/p><p class=\"translation-block\"><b>Henry Pilkington <\/b>V\u0103r primar al lui Elisabeth Pilkington Ra\u021biu, William Henry Pilkington, Baronul Pilkington (1905-1983), a fost un produc\u0103tor englez de sticl\u0103 \u0219i pre\u0219edinte al Federa\u021biei Industriilor Britanice. De asemenea, a fost Cancelar al Universit\u0103\u021bii Loughborough din 1966 p\u00e2n\u0103 \u00een 1980. \u00cen 1934 s-a al\u0103turat consiliului director al afacerii familiei \u2013 Pilkington Brothers Ltd, iar din 1949 p\u00e2n\u0103 \u00een 1973 a ocupat func\u021bia de pre\u0219edinte. Datorit\u0103 tehnicii avansate, aceast\u0103 companie produc\u0103toare de sticl\u0103 a devenit singurul supravie\u021buitor dintre cei 24 de produc\u0103tori britanici de sticl\u0103 din secolul al XIX-lea.<\/p><p class=\"translation-block\"><b>Zamfira <\/b>Considerat unul dintre cei mai mari oameni politici ai timpului s\u0103u, Petru Racz s-a \u00eenrudit cu logof\u0103tul muntean Ivan Norocea de Pite\u0219ti \u0219i Szaszsebes (Sebe\u0219, jud. Alba) prin c\u0103s\u0103toria cu fiica acestuia, Zamfira - sora Velic\u0103i, marea iubire a voievodului Mihai Viteazul. Al\u0103turi de Petru, Zamfira Racz a ctitorit Biserica din Teiu\u0219 \u00een secolul XVI. Despre Zamfira se spune c\u0103 este cea care a dus s\u00e2ngele Basarabilor munteni \u00een \u0219irul de rela\u021bii la cap\u0103tul c\u0103ruia se g\u0103se\u0219te azi Prin\u021bul Charles. La opt genera\u021bii dup\u0103 Zamfira, \u00een 1812 se n\u0103\u0219tea Claudine Rhedey, descendenta mai multor familii nobiliare transilv\u0103nene. Aceasta a dus leg\u0103tura mai departe, mai \u00eent\u00e2i \u00een familia imperial\u0103 german\u0103, apoi \u00een cea regal\u0103 britanic\u0103, dup\u0103 c\u0103s\u0103toria fiului s\u0103u Franz, Duce de Teck, cu Prin\u021besa Mary Adelaide de Cambridge, viitoarea Regin\u0103 Mary, consoarta Regelui George al V-lea \u0219i bunic\u0103 a Reginei Elisabeta a II-a.<\/p><p class=\"translation-block\"><b>Nicolae Ra\u021biu<\/b> \u0219i-a f\u0103cut studiile \u00een Marea Britanie la Marlborough College \u0219i \u00een Statele Unite ale Americii, la New York University, ob\u021bin\u00e2nd diploma de licen\u021b\u0103 \u00een traport maritim \u0219i economie. \u00cen calitate de pre\u0219edinte al Ra\u021biu Family Charitable Foundation, organiza\u021bie caritabil\u0103 britanic\u0103 creat\u0103 \u00een 1979, cu sediul \u00een Manchester Square, Londra, Nicolae prezideaz\u0103 un consiliu format din 5 membri ai familiei Ra\u021biu care acord\u0103 anual p\u00e2n\u0103 la 50 de burse \u0219i granturi \u00een diverse domenii at\u00e2t \u00een \u200b\u200bMarea Britanie, c\u00e2t \u0219i \u00een Rom\u00e2nia, \u00een valoare de aprox. 200.000 GBP. Om de afaceri \u0219i filantrop, Nicolae este, de asemenea, administrator al organiza\u021biilor caritabile din Rom\u00e2nia \u0219i Marea Britanie: Romanian Cultural Centre din Londra, Pro Patrimonio, ADEPT, The Relief Fund for Romania, Centrul Ra\u021biu pentru Democra\u021bie. \u00cen plus, prin intermediul Ra\u021biu Family Charitable Foundation, Nicolae sus\u021bine programe culturale \u0219i educa\u021bionale majore din Marea Britanie, Rom\u00e2nia \u0219i SUA, printre care se num\u0103r\u0103: Catedra de Studii Rom\u00e2ne\u0219ti Ion Ra\u021biu de la Georgetown University, Washington; Premiul \u0219i Bursa Ion Ra\u021biu pentru Democra\u021bie la Washington; Premiul Ion Ra\u021biu pentru Jurnalism; Premiul Elisabeth Pilkington Ra\u021biu pentru S\u0103n\u0103tate Mintal\u0103.<\/p><p class=\"translation-block\"><b>Indrei Ra\u021biu <\/b>este fost jurnalist (BBC, Rediffusion, London Evening Standard), implicat \u00een lansarea programelor de Executive Development ale INSEAD. Fost consultant \u00een dezvoltarea managementului pentru IBM, Schlumberger, BP, ICI \u0219i Banca Mondial\u0103, Indrei a este co-fondator al: CM - InterCultural Management Associates, Paris; Pro Patrimonio, Asocia\u021bia Transilvania Fest \u0219i Centrul Ra\u021biu pentru Democra\u021bie. Indrei are diplome la Universitatea Cambridge \u0219i INSEAD.<\/p><p class=\"translation-block\"><b>Ludovica <\/b> Pe la 1880, locuia la Moara Gaia morarul Ion Gaia, al\u0103turi de so\u021bia \u0219i de fiica sa, Ludovica. T\u00e2n\u0103ra Ludovica Gaia a fost curtat\u0103 de c\u0103tre preotul Nicolae Ra\u021biu de la Biserica R\u0103\u021be\u0219tilor. S-au c\u0103s\u0103torit, iar copilul lor a fost Augustin Ra\u021biu, bunicul lui Indrei \u0219i Nicolae Ra\u021biu. Augustin avea s\u0103-\u0219i petreac\u0103 o mare parte din copil\u0103rie la internatul de limb\u0103 german\u0103 din Bistri\u021ba, \u00eentorc\u00e2ndu-se acas\u0103 doar de s\u0103rb\u0103tori, \u00een satul Petre\u0219tii de Jos, unde Nicolae fusese numit administrator parohial.<\/p><p class=\"translation-block\"><b>Basiliu Ra\u021biu de Nagylak <\/b>(1783 -1870) a fost preot greco-catolic, protopop, profesor, rector al Seminarului Diecesan din Blaj, canonic \u0219i primul prepozit capitular mitropolitan al Bisericii Rom\u00e2ne Unit\u0103 cu Roma, Greco-Catolic\u0103. A studiat la Turda, Aiud, Cluj, Blaj \u0219i Viena. A fost hirotonit preot celib cu numele Basiliu \u00een Biserica Sf\u00e2nta Barbara din Viena \u00een anul 1810. Discipol al lui Petru Maior, a fost doctor \u00een teologie \u0219i filozofie al Universit\u0103\u021bii din Viena, 1811. Basiliu Ra\u021biu a fost ctitorul bisericii greco-catolice din Turda Veche, \u00eempreun\u0103 cu sora sa Oana \u0219i cei \u0219ase fra\u021bi: Indrei, Grigore, Ioan, David, Dimitrie \u0219i Matei. Biserica a fost sfin\u021bit\u0103 \u00een anul 1839 \u0219i este cunoscut\u0103 p\u00e2n\u0103 \u00een ziua de azi sub numele de Biserica R\u0103\u021be\u0219tilor.<\/p><p class=\"translation-block\"><b>Dr Ioan Ra\u021biu <\/b>(1828 - 1902), nepot de frate al lui Basiliu Ra\u021biu, a fost un om politic rom\u00e2n transilv\u0103nean, avocat, unul din \u00eentemeietorii Partidului Na\u021bional Rom\u00e2n din Transilvania, al c\u0103rui pre\u0219edinte a fost \u00eentre 1892 \u0219i 1902. A fost unul din principalii autori ai Memorandumului adresat \u00een 28 mai 1892 \u00eemp\u0103ratului Francisc Iosif I \u00een numele na\u021biunii rom\u00e2ne din Transilvania. \u00cen 1850 a \u00eenceput s\u0103 studieze Dreptul la Viena. Patru ani mai t\u00e2rziu a plecat la Budapesta, unde \u0219i-a ob\u021binut doctoratul \u00een drept \u00een 1857. A \u00eenceput s\u0103 profeseze la Budapesta, apoi a activat la Cluj. \u00cen 1860 s-a \u00eenscris \u00een Baroul Sibiu, unde \u0219i-a deschis propriul cabinet.<\/p><p class=\"translation-block\"><b>Augustin Ra\u021biu<\/b> (1884-1970) a fost o personalitate de vaz\u0103 a ora\u0219ului Turda, tat\u0103l politicianului Ion Ra\u021biu. A urmat cursurile Facult\u0103\u021bii de Drept din Cluj \u0219i Budapesta. \u00cen anul 1909 a ob\u021binut titlul de doctor, dup\u0103 care \u0219i-a deschis un birou de avocatur\u0103 la Turda. \u00cen 1913 s-a c\u0103s\u0103torit la Sibiu cu Eugenia Turcu, nepoata lui Ion Codru-Dr\u0103gu\u0219anu. A debutat \u00een pres\u0103 \u00eenainte de 1918, fiind un colaborator fidel al ziarelor Patria, Curentul, Arie\u0219ul, \u0219i Tribuna noastr\u0103. Cunosc\u00e2nd limbile maghiar\u0103 \u0219i latin\u0103, s-a documentat din arhive \u0219i a scris articole importante de istorie. De numele s\u0103u se leag\u0103 \u0219i organizarea \u00eenv\u0103\u021b\u0103m\u00e2ntului profesional din Turda. \u00cen colaborare cu Dr Valer Moldovan \u00eenfiin\u021beaz\u0103 Baroul avoca\u021bilor din Turda, al c\u0103rui decan va fi vreme de zece ani. \u00cen 1923, este decorat cu ordinul Coroana Rom\u00e2niei \u00een grad de cavaler, pentru promovarea drepturilor rom\u00e2nilor din Transilvania.<\/p><p class=\"translation-block\">Emilia Ra\u021biu (1846-1929) a fost una dintre ini\u021biatorii mi\u0219c\u0103rii feministe din Transilvania, sus\u021bin\u00e2nd dezvoltarea profesional\u0103 \u0219i cultural\u0103 a femeilor \u0219i fetelor \u00eentr-o epoc\u0103 \u00een care femeile erau educate s\u0103 fie doar so\u021bii \u0219i mame. N\u0103scut\u0103 la Bra\u0219ov, \u00eentr-o familie veche de patrio\u021bi rom\u00e2ni - fiica preotului ortodox Dumitru Orghidan \u0219i a so\u021bia sale Revia - s-a c\u0103s\u0103torit \u00een 1863 cu Dr Ioan Ra\u021biu (1828-1902) \u0219i s-a stabilit al\u0103turi de el la Turda. I-a sus\u021binut \u00een permanen\u021b\u0103  idealurile politice \u0219i a militat la r\u00e2ndul s\u0103u pentru drepturile \u0219i libert\u0103\u021bile rom\u00e2nilor din Transilvania. \u00cen timpul \u00eencarcer\u0103rii lui Ioan Ra\u021biu \u00een \u00eenchisoarea de la Seghedin,  s-a mutat \u00een vecin\u0103tatea cl\u0103dirii pentru a r\u0103m\u00e2ne aproape de so\u021bul ei.<\/p><p class=\"translation-block\">Viorel Virgil Ra\u0163iu Tilea (1896- 1972) a fost ambasadorul Rom\u00e2niei la Londra \u00een perioada 1938 - 1940. A fost fiul lui Onoriu \u0219i Emilia Tilea, nepot de fiic\u0103 al dr. Ioan Ra\u021biu \u0219i str\u0103-str\u0103nepot al prepozitului Basiliu Ra\u021biu. A studiat la Sibiu, Bratislava, Cluj, Londra \u0219i Viena. A fost doctor \u00een drept al Universit\u0103\u021bii din Viena. Dup\u0103 instaurarea regimului antonescian a refuzat s\u0103 se \u00eentoarc\u0103 \u00een \u021bar\u0103 \u0219i a solicitat azil politic \u00een Anglia. \u0218i-a pierdut cet\u0103\u021benia rom\u00e2n\u0103 \u0219i toate propriet\u0103\u021bile din Rom\u00e2nia.\nEste cunoscut pentru \u201eincidentul Tilea\u201d, dinaintea celui de-al Doilea R\u0103zboi Mondial. \u00cen zilele de 16 \u0219i 17 martie 1939 s-a prezentat la Foreign Office \u0219i a declarat c\u0103 guvernul rom\u00e2n avea toate motivele s\u0103 cread\u0103 c\u0103 Germania va proceda \u00een urm\u0103toarele luni la dezintegrarea Rom\u00e2niei, \u00een acela\u0219i mod cum a procedat cu Cehoslovacia. De\u0219i guvernul rom\u00e2n a dezmin\u021bit existen\u021ba unui \u201eultimatum german\u201d, cabinetul britanic \u0219i-a pus \u00een mi\u0219care \u00eentreg angrenajul politico-diplomatic. Rezultatul a fost \u00eencetarea politicii de conciliere a Londrei \u0219i Parisului fa\u021b\u0103 de Berlin. \u00cen anul 1940, temerile sale aveau s\u0103 fie confirmate: Rom\u00e2nia a pierdut Basarabia \u0219i Bucovina de Nord, Ardealul de Nord \u0219i Cadrilaterul. Toate acestea s-au f\u0103cut prin amestecul direct al Germaniei Naziste sau indirect, prin anexele secrete ale tratatelor \u00eencheiate cu \u021b\u0103rile vecine Rom\u00e2niei, inclusiv URSS. A murit \u00een Anglia \u0219i, conform dorin\u021bei exprimate \u00een testament, familia sa i-a publicat memoriile privind misiunea sa la Londra.<\/p>\t\t\t\t\t\t\t\t<\/div>\n\t\t\t\t<\/div>\n\t\t\t\t\t<\/div>\n\t\t<\/div>\n\t\t\t\t\t<\/div>\n\t\t<\/section>\n\t\t\t\t\t<\/div>\n\t\t<\/div>\n\t\t\t\t\t<\/div>\n\t\t<\/section>\n\t\t\t\t<\/div>","protected":false},"excerpt":{"rendered":"<p>Our rooms are named after members of the Ratiu family. Here you can read their biographies FAMILY MEMBERS Ion Codru-Dr\u0103gu\u0219anu Ion Ra\u021biu&#8217;s maternal great-grandfather, Ion Codru-Dr\u0103gu\u0219anu (1818-1884) was a Romanian writer, memorialist, traveler, vice-captain of F\u0103g\u0103ra\u0219 County and a participant in the Wallachian Revolution of 1848. His first published work was Cuv\u00e2nt scolastic, which appeared [&hellip;]<\/p>\n","protected":false},"author":1,"featured_media":0,"parent":0,"menu_order":0,"comment_status":"closed","ping_status":"closed","template":"","meta":{"ocean_post_layout":"full-screen","ocean_both_sidebars_style":"","ocean_both_sidebars_content_width":0,"ocean_both_sidebars_sidebars_width":0,"ocean_sidebar":"0","ocean_second_sidebar":"0","ocean_disable_margins":"enable","ocean_add_body_class":"","ocean_shortcode_before_top_bar":"","ocean_shortcode_after_top_bar":"","ocean_shortcode_before_header":"","ocean_shortcode_after_header":"","ocean_has_shortcode":"","ocean_shortcode_after_title":"","ocean_shortcode_before_footer_widgets":"","ocean_shortcode_after_footer_widgets":"","ocean_shortcode_before_footer_bottom":"","ocean_shortcode_after_footer_bottom":"","ocean_display_top_bar":"default","ocean_display_header":"default","ocean_header_style":"","ocean_center_header_left_menu":"0","ocean_custom_header_template":"0","ocean_custom_logo":0,"ocean_custom_retina_logo":0,"ocean_custom_logo_max_width":0,"ocean_custom_logo_tablet_max_width":0,"ocean_custom_logo_mobile_max_width":0,"ocean_custom_logo_max_height":0,"ocean_custom_logo_tablet_max_height":0,"ocean_custom_logo_mobile_max_height":0,"ocean_header_custom_menu":"0","ocean_menu_typo_font_family":"0","ocean_menu_typo_font_subset":"","ocean_menu_typo_font_size":0,"ocean_menu_typo_font_size_tablet":0,"ocean_menu_typo_font_size_mobile":0,"ocean_menu_typo_font_size_unit":"px","ocean_menu_typo_font_weight":"","ocean_menu_typo_font_weight_tablet":"","ocean_menu_typo_font_weight_mobile":"","ocean_menu_typo_transform":"","ocean_menu_typo_transform_tablet":"","ocean_menu_typo_transform_mobile":"","ocean_menu_typo_line_height":0,"ocean_menu_typo_line_height_tablet":0,"ocean_menu_typo_line_height_mobile":0,"ocean_menu_typo_line_height_unit":"","ocean_menu_typo_spacing":0,"ocean_menu_typo_spacing_tablet":0,"ocean_menu_typo_spacing_mobile":0,"ocean_menu_typo_spacing_unit":"","ocean_menu_link_color":"","ocean_menu_link_color_hover":"","ocean_menu_link_color_active":"","ocean_menu_link_background":"","ocean_menu_link_hover_background":"","ocean_menu_link_active_background":"","ocean_menu_social_links_bg":"","ocean_menu_social_hover_links_bg":"","ocean_menu_social_links_color":"","ocean_menu_social_hover_links_color":"","ocean_disable_title":"on","ocean_disable_heading":"default","ocean_post_title":"","ocean_post_subheading":"","ocean_post_title_style":"","ocean_post_title_background_color":"","ocean_post_title_background":0,"ocean_post_title_bg_image_position":"","ocean_post_title_bg_image_attachment":"","ocean_post_title_bg_image_repeat":"","ocean_post_title_bg_image_size":"","ocean_post_title_height":0,"ocean_post_title_bg_overlay":0.5,"ocean_post_title_bg_overlay_color":"","ocean_disable_breadcrumbs":"default","ocean_breadcrumbs_color":"","ocean_breadcrumbs_separator_color":"","ocean_breadcrumbs_links_color":"","ocean_breadcrumbs_links_hover_color":"","ocean_display_footer_widgets":"default","ocean_display_footer_bottom":"default","ocean_custom_footer_template":"0","footnotes":""},"class_list":["post-2670","page","type-page","status-publish","hentry","entry"],"yoast_head":"<!-- This site is optimized with the Yoast SEO plugin v27.5 - https:\/\/yoast.com\/product\/yoast-seo-wordpress\/ -->\n<title>Bios - CASA RATIU<\/title>\n<meta name=\"robots\" content=\"index, follow, max-snippet:-1, max-image-preview:large, max-video-preview:-1\" \/>\n<link rel=\"canonical\" href=\"https:\/\/casaratiu.ro\/ro\/bios\/\" \/>\n<meta property=\"og:locale\" content=\"ro_RO\" \/>\n<meta property=\"og:type\" content=\"article\" \/>\n<meta property=\"og:title\" content=\"Bios - CASA RATIU\" \/>\n<meta property=\"og:description\" content=\"Our rooms are named after members of the Ratiu family. Here you can read their biographies FAMILY MEMBERS Ion Codru-Dr\u0103gu\u0219anu Ion Ra\u021biu&#8217;s maternal great-grandfather, Ion Codru-Dr\u0103gu\u0219anu (1818-1884) was a Romanian writer, memorialist, traveler, vice-captain of F\u0103g\u0103ra\u0219 County and a participant in the Wallachian Revolution of 1848. His first published work was Cuv\u00e2nt scolastic, which appeared [&hellip;]\" \/>\n<meta property=\"og:url\" content=\"https:\/\/casaratiu.ro\/ro\/bios\/\" \/>\n<meta property=\"og:site_name\" content=\"CASA RATIU\" \/>\n<meta property=\"article:publisher\" content=\"https:\/\/www.facebook.com\/casaratiudeoaspeti\" \/>\n<meta property=\"article:modified_time\" content=\"2022-01-06T10:45:44+00:00\" \/>\n<meta name=\"twitter:card\" content=\"summary_large_image\" \/>\n<meta name=\"twitter:label1\" content=\"Timp estimat pentru citire\" \/>\n\t<meta name=\"twitter:data1\" content=\"7 minute\" \/>\n<script type=\"application\/ld+json\" class=\"yoast-schema-graph\">{\"@context\":\"https:\\\/\\\/schema.org\",\"@graph\":[{\"@type\":\"WebPage\",\"@id\":\"https:\\\/\\\/casaratiu.ro\\\/bios\\\/\",\"url\":\"https:\\\/\\\/casaratiu.ro\\\/bios\\\/\",\"name\":\"Bios - CASA RATIU\",\"isPartOf\":{\"@id\":\"http:\\\/\\\/casaratiu.ro\\\/#website\"},\"datePublished\":\"2021-02-14T13:18:50+00:00\",\"dateModified\":\"2022-01-06T10:45:44+00:00\",\"breadcrumb\":{\"@id\":\"https:\\\/\\\/casaratiu.ro\\\/bios\\\/#breadcrumb\"},\"inLanguage\":\"ro-RO\",\"potentialAction\":[{\"@type\":\"ReadAction\",\"target\":[\"https:\\\/\\\/casaratiu.ro\\\/bios\\\/\"]}]},{\"@type\":\"BreadcrumbList\",\"@id\":\"https:\\\/\\\/casaratiu.ro\\\/bios\\\/#breadcrumb\",\"itemListElement\":[{\"@type\":\"ListItem\",\"position\":1,\"name\":\"Home\",\"item\":\"http:\\\/\\\/casaratiu.ro\\\/\"},{\"@type\":\"ListItem\",\"position\":2,\"name\":\"Bios\"}]},{\"@type\":\"WebSite\",\"@id\":\"http:\\\/\\\/casaratiu.ro\\\/#website\",\"url\":\"http:\\\/\\\/casaratiu.ro\\\/\",\"name\":\"CASA RATIU\",\"description\":\"Historical Family Home\",\"publisher\":{\"@id\":\"http:\\\/\\\/casaratiu.ro\\\/#organization\"},\"potentialAction\":[{\"@type\":\"SearchAction\",\"target\":{\"@type\":\"EntryPoint\",\"urlTemplate\":\"http:\\\/\\\/casaratiu.ro\\\/?s={search_term_string}\"},\"query-input\":{\"@type\":\"PropertyValueSpecification\",\"valueRequired\":true,\"valueName\":\"search_term_string\"}}],\"inLanguage\":\"ro-RO\"},{\"@type\":\"Organization\",\"@id\":\"http:\\\/\\\/casaratiu.ro\\\/#organization\",\"name\":\"CASA RATIU\",\"url\":\"http:\\\/\\\/casaratiu.ro\\\/\",\"logo\":{\"@type\":\"ImageObject\",\"inLanguage\":\"ro-RO\",\"@id\":\"http:\\\/\\\/casaratiu.ro\\\/#\\\/schema\\\/logo\\\/image\\\/\",\"url\":\"https:\\\/\\\/casaratiu.ro\\\/wp-content\\\/uploads\\\/2020\\\/03\\\/cropped-casa-ratiu-logo.png\",\"contentUrl\":\"https:\\\/\\\/casaratiu.ro\\\/wp-content\\\/uploads\\\/2020\\\/03\\\/cropped-casa-ratiu-logo.png\",\"width\":512,\"height\":512,\"caption\":\"CASA RATIU\"},\"image\":{\"@id\":\"http:\\\/\\\/casaratiu.ro\\\/#\\\/schema\\\/logo\\\/image\\\/\"},\"sameAs\":[\"https:\\\/\\\/www.facebook.com\\\/casaratiudeoaspeti\",\"https:\\\/\\\/www.instagram.com\\\/ratiuguesthouse\\\/\"]}]}<\/script>\n<!-- \/ Yoast SEO plugin. -->","yoast_head_json":{"title":"Bios - CASA RATIU","robots":{"index":"index","follow":"follow","max-snippet":"max-snippet:-1","max-image-preview":"max-image-preview:large","max-video-preview":"max-video-preview:-1"},"canonical":"https:\/\/casaratiu.ro\/ro\/bios\/","og_locale":"ro_RO","og_type":"article","og_title":"Bios - CASA RATIU","og_description":"Our rooms are named after members of the Ratiu family. Here you can read their biographies FAMILY MEMBERS Ion Codru-Dr\u0103gu\u0219anu Ion Ra\u021biu&#8217;s maternal great-grandfather, Ion Codru-Dr\u0103gu\u0219anu (1818-1884) was a Romanian writer, memorialist, traveler, vice-captain of F\u0103g\u0103ra\u0219 County and a participant in the Wallachian Revolution of 1848. His first published work was Cuv\u00e2nt scolastic, which appeared [&hellip;]","og_url":"https:\/\/casaratiu.ro\/ro\/bios\/","og_site_name":"CASA RATIU","article_publisher":"https:\/\/www.facebook.com\/casaratiudeoaspeti","article_modified_time":"2022-01-06T10:45:44+00:00","twitter_card":"summary_large_image","twitter_misc":{"Timp estimat pentru citire":"7 minute"},"schema":{"@context":"https:\/\/schema.org","@graph":[{"@type":"WebPage","@id":"https:\/\/casaratiu.ro\/bios\/","url":"https:\/\/casaratiu.ro\/bios\/","name":"Bios - CASA RATIU","isPartOf":{"@id":"http:\/\/casaratiu.ro\/#website"},"datePublished":"2021-02-14T13:18:50+00:00","dateModified":"2022-01-06T10:45:44+00:00","breadcrumb":{"@id":"https:\/\/casaratiu.ro\/bios\/#breadcrumb"},"inLanguage":"ro-RO","potentialAction":[{"@type":"ReadAction","target":["https:\/\/casaratiu.ro\/bios\/"]}]},{"@type":"BreadcrumbList","@id":"https:\/\/casaratiu.ro\/bios\/#breadcrumb","itemListElement":[{"@type":"ListItem","position":1,"name":"Home","item":"http:\/\/casaratiu.ro\/"},{"@type":"ListItem","position":2,"name":"Bios"}]},{"@type":"WebSite","@id":"http:\/\/casaratiu.ro\/#website","url":"http:\/\/casaratiu.ro\/","name":"CASA RA\u021aIU","description":"Historical Family Home","publisher":{"@id":"http:\/\/casaratiu.ro\/#organization"},"potentialAction":[{"@type":"SearchAction","target":{"@type":"EntryPoint","urlTemplate":"http:\/\/casaratiu.ro\/?s={search_term_string}"},"query-input":{"@type":"PropertyValueSpecification","valueRequired":true,"valueName":"search_term_string"}}],"inLanguage":"ro-RO"},{"@type":"Organization","@id":"http:\/\/casaratiu.ro\/#organization","name":"CASA RA\u021aIU","url":"http:\/\/casaratiu.ro\/","logo":{"@type":"ImageObject","inLanguage":"ro-RO","@id":"http:\/\/casaratiu.ro\/#\/schema\/logo\/image\/","url":"https:\/\/casaratiu.ro\/wp-content\/uploads\/2020\/03\/cropped-casa-ratiu-logo.png","contentUrl":"https:\/\/casaratiu.ro\/wp-content\/uploads\/2020\/03\/cropped-casa-ratiu-logo.png","width":512,"height":512,"caption":"CASA RATIU"},"image":{"@id":"http:\/\/casaratiu.ro\/#\/schema\/logo\/image\/"},"sameAs":["https:\/\/www.facebook.com\/casaratiudeoaspeti","https:\/\/www.instagram.com\/ratiuguesthouse\/"]}]}},"_links":{"self":[{"href":"http:\/\/casaratiu.ro\/ro\/wp-json\/wp\/v2\/pages\/2670","targetHints":{"allow":["GET"]}}],"collection":[{"href":"http:\/\/casaratiu.ro\/ro\/wp-json\/wp\/v2\/pages"}],"about":[{"href":"http:\/\/casaratiu.ro\/ro\/wp-json\/wp\/v2\/types\/page"}],"author":[{"embeddable":true,"href":"http:\/\/casaratiu.ro\/ro\/wp-json\/wp\/v2\/users\/1"}],"replies":[{"embeddable":true,"href":"http:\/\/casaratiu.ro\/ro\/wp-json\/wp\/v2\/comments?post=2670"}],"version-history":[{"count":76,"href":"http:\/\/casaratiu.ro\/ro\/wp-json\/wp\/v2\/pages\/2670\/revisions"}],"predecessor-version":[{"id":4139,"href":"http:\/\/casaratiu.ro\/ro\/wp-json\/wp\/v2\/pages\/2670\/revisions\/4139"}],"wp:attachment":[{"href":"http:\/\/casaratiu.ro\/ro\/wp-json\/wp\/v2\/media?parent=2670"}],"curies":[{"name":"wp","href":"https:\/\/api.w.org\/{rel}","templated":true}]}}